{"id":7254,"date":"2024-08-08T23:41:09","date_gmt":"2024-08-08T23:41:09","guid":{"rendered":"https:\/\/www.topmodelmiss.com\/?page_id=7254"},"modified":"2024-08-08T23:42:58","modified_gmt":"2024-08-08T23:42:58","slug":"ekipi-yne","status":"publish","type":"page","link":"https:\/\/topmodelmiss.com\/en_us\/ekipi-yne\/","title":{"rendered":"Ekipi yne"},"content":{"rendered":"<div  id=\"column-340d968\" class=\"col-xs-12 fw-column\" >\n    <div class=\"column-overlay\"><\/div>\n        <div class=\"column-inner\">\n               <div class=\"team-list-shortcode\">\n\t\t            <article class=\"side-item content-padding team-list-item\">\n                <div class=\"row\">\n\t\t\t\t\t                        <div class=\"col-xs-12 col-md-5\">\n                            <div class=\"item-media\">\n\t\t\t\t\t\t\t\t<img loading=\"lazy\" decoding=\"async\" width=\"958\" height=\"880\" src=\"https:\/\/topmodelmiss.com\/wp-content\/uploads\/2024\/09\/arbora-958x880.jpg\" class=\"attachment-post-thumbnail size-post-thumbnail wp-post-image\" alt=\"\" \/>                                <div class=\"media-links\">\n                                    <a class=\"abs-link\" href=\"https:\/\/topmodelmiss.com\/en_us\/member\/arbora-rrecaj\/\"><\/a>\n                                <\/div>\n                            <\/div>\n                        <\/div>\n\t\t\t\t\t                    <div class=\"col-xs-12 col-md-7 content-col\">\n                        <div class=\"item-content\">\n                            <h4 class=\"member-name\">\n                                <a href=\"https:\/\/topmodelmiss.com\/en_us\/member\/arbora-rrecaj\/\">\n\t\t\t\t\t\t\t\t\tArbora Rrecaj                                <\/a>\n                            <\/h4>\n\t\t\t\t\t\t\t                                <p class=\"position highlight\">\n                                    N\u00ebnpresidente p\u00ebr Kosov\u00eb<\/p>\n\t\t\t\t\t\t\t\n\t\t\t\t\t\t\t                                <div class=\"team-social-icons\">\n\t\t\t\t\t\t\t\t\t<span class=\"social-icons\">\n\t\t\t\t<a href=\"#\"\n\t\t\t   class=\"social-icon soc-facebook border-icon rounded-icon\"  target=\"_blank\"><\/a>\n\t\t\t\t\t\t<a href=\"#\"\n\t\t\t   class=\"social-icon soc-instagram border-icon rounded-icon\"  target=\"_blank\"><\/a>\n\t\t\t<\/span>\n\n                                <\/div><!-- eof social icons -->\n\t\t\t\t\t\t\t                            <div class=\"excerpt\">\n\t\t\t\t\t\t\t\t<p>Arbora Rrecaj, nga kryeqyteti i Kosov\u00ebs, Prishtina, mbajt\u00ebse e titullit Miss Global International World, em\u00ebrohet N\u00ebnpresidente e Top Model Miss p\u00ebr Kosov\u00ebn. Arbora Rrecaj, mbajt\u00ebsja me krenari e titullit Miss Global International World, nga Prishtina.<\/p>\n                            <\/div>\n                        <\/div>\n                    <\/div>\n                <\/div><!-- eof .row -->\n            <\/article><!-- eof .side-item -->\n\t\t            <article class=\"side-item content-padding team-list-item\">\n                <div class=\"row\">\n\t\t\t\t\t                        <div class=\"col-xs-12 col-md-5\">\n                            <div class=\"item-media\">\n\t\t\t\t\t\t\t\t<img loading=\"lazy\" decoding=\"async\" width=\"1083\" height=\"750\" src=\"https:\/\/topmodelmiss.com\/wp-content\/uploads\/2024\/09\/amir.jpg\" class=\"attachment-post-thumbnail size-post-thumbnail wp-post-image\" alt=\"\" srcset=\"https:\/\/topmodelmiss.com\/wp-content\/uploads\/2024\/09\/amir.jpg 1083w, https:\/\/topmodelmiss.com\/wp-content\/uploads\/2024\/09\/amir-300x208.jpg 300w, https:\/\/topmodelmiss.com\/wp-content\/uploads\/2024\/09\/amir-1024x709.jpg 1024w, https:\/\/topmodelmiss.com\/wp-content\/uploads\/2024\/09\/amir-768x532.jpg 768w, https:\/\/topmodelmiss.com\/wp-content\/uploads\/2024\/09\/amir-18x12.jpg 18w\" sizes=\"(max-width: 1083px) 100vw, 1083px\" \/>                                <div class=\"media-links\">\n                                    <a class=\"abs-link\" href=\"https:\/\/topmodelmiss.com\/en_us\/member\/abir-khmiri\/\"><\/a>\n                                <\/div>\n                            <\/div>\n                        <\/div>\n\t\t\t\t\t                    <div class=\"col-xs-12 col-md-7 content-col\">\n                        <div class=\"item-content\">\n                            <h4 class=\"member-name\">\n                                <a href=\"https:\/\/topmodelmiss.com\/en_us\/member\/abir-khmiri\/\">\n\t\t\t\t\t\t\t\t\tAbir Khmiri                                <\/a>\n                            <\/h4>\n\t\t\t\t\t\t\t                                <p class=\"position highlight\">\n                                    N\u00ebnkryetare p\u00ebr Tunizia<\/p>\n\t\t\t\t\t\t\t\n\t\t\t\t\t\t\t                                <div class=\"team-social-icons\">\n\t\t\t\t\t\t\t\t\t<span class=\"social-icons\">\n\t\t\t\t<a href=\"#\"\n\t\t\t   class=\"social-icon soc-facebook border-icon rounded-icon\"  target=\"_blank\"><\/a>\n\t\t\t\t\t\t<a href=\"#\"\n\t\t\t   class=\"social-icon soc-instagram border-icon rounded-icon\"  target=\"_blank\"><\/a>\n\t\t\t<\/span>\n\n                                <\/div><!-- eof social icons -->\n\t\t\t\t\t\t\t                            <div class=\"excerpt\">\n\t\t\t\t\t\t\t\t<p>Zonjusha Abir Khmiri, aktorja e njohur, modelja dhe titullarja e \u201cMiss\u201d, em\u00ebrohet Z\u00ebvend\u00ebs Presidente e \u201cTop Model Miss\u201d p\u00ebr Tunizin\u00eb* Miss Abir Khmiri, nj\u00eb aktore dhe modele e shquar, \u00ebsht\u00eb em\u00ebruar n\u00ebnkryetare e \u201cTop Model Miss\u201d p\u00ebr Tunizia.<\/p>\n                            <\/div>\n                        <\/div>\n                    <\/div>\n                <\/div><!-- eof .row -->\n            <\/article><!-- eof .side-item -->\n\t\t            <article class=\"side-item content-padding team-list-item\">\n                <div class=\"row\">\n\t\t\t\t\t                        <div class=\"col-xs-12 col-md-5\">\n                            <div class=\"item-media\">\n\t\t\t\t\t\t\t\t<img loading=\"lazy\" decoding=\"async\" width=\"800\" height=\"800\" src=\"https:\/\/topmodelmiss.com\/wp-content\/uploads\/2024\/08\/gg.png\" class=\"attachment-post-thumbnail size-post-thumbnail wp-post-image\" alt=\"\" srcset=\"https:\/\/topmodelmiss.com\/wp-content\/uploads\/2024\/08\/gg.png 800w, https:\/\/topmodelmiss.com\/wp-content\/uploads\/2024\/08\/gg-300x300.png 300w, https:\/\/topmodelmiss.com\/wp-content\/uploads\/2024\/08\/gg-150x150.png 150w, https:\/\/topmodelmiss.com\/wp-content\/uploads\/2024\/08\/gg-768x768.png 768w, https:\/\/topmodelmiss.com\/wp-content\/uploads\/2024\/08\/gg-12x12.png 12w, https:\/\/topmodelmiss.com\/wp-content\/uploads\/2024\/08\/gg-600x600.png 600w\" sizes=\"(max-width: 800px) 100vw, 800px\" \/>                                <div class=\"media-links\">\n                                    <a class=\"abs-link\" href=\"https:\/\/topmodelmiss.com\/en_us\/member\/dobre-giorgiana-lucica\/\"><\/a>\n                                <\/div>\n                            <\/div>\n                        <\/div>\n\t\t\t\t\t                    <div class=\"col-xs-12 col-md-7 content-col\">\n                        <div class=\"item-content\">\n                            <h4 class=\"member-name\">\n                                <a href=\"https:\/\/topmodelmiss.com\/en_us\/member\/dobre-giorgiana-lucica\/\">\n\t\t\t\t\t\t\t\t\tDobre Giorgiana Lucica                                <\/a>\n                            <\/h4>\n\t\t\t\t\t\t\t                                <p class=\"position highlight\">\n                                    N\u00ebnkryetare e Top Model Miss<\/p>\n\t\t\t\t\t\t\t\n\t\t\t\t\t\t\t                                <div class=\"team-social-icons\">\n\t\t\t\t\t\t\t\t\t<span class=\"social-icons\">\n\t\t\t\t<a href=\"https:\/\/www.facebook.com\/topmodelmiss\"\n\t\t\t   class=\"social-icon soc-facebook border-icon rounded-icon\"  target=\"_blank\"><\/a>\n\t\t\t\t\t\t<a href=\"https:\/\/www.instagram.com\/topmodelmiss\"\n\t\t\t   class=\"social-icon soc-instagram border-icon rounded-icon\"  target=\"_blank\"><\/a>\n\t\t\t<\/span>\n\n                                <\/div><!-- eof social icons -->\n\t\t\t\t\t\t\t                            <div class=\"excerpt\">\n\t\t\t\t\t\t\t\t<p>Dobre Giorgiana Lucia: A Success Story from Miss to Actress and Vice President of TOP Model Miss\/Zurich<\/p>\n                            <\/div>\n                        <\/div>\n                    <\/div>\n                <\/div><!-- eof .row -->\n            <\/article><!-- eof .side-item -->\n\t\t            <article class=\"side-item content-padding team-list-item\">\n                <div class=\"row\">\n\t\t\t\t\t                        <div class=\"col-xs-12 col-md-5\">\n                            <div class=\"item-media\">\n\t\t\t\t\t\t\t\t<img loading=\"lazy\" decoding=\"async\" width=\"800\" height=\"800\" src=\"https:\/\/topmodelmiss.com\/wp-content\/uploads\/2018\/10\/baram_rama.jpg\" class=\"attachment-post-thumbnail size-post-thumbnail wp-post-image\" alt=\"\" srcset=\"https:\/\/topmodelmiss.com\/wp-content\/uploads\/2018\/10\/baram_rama.jpg 800w, https:\/\/topmodelmiss.com\/wp-content\/uploads\/2018\/10\/baram_rama-300x300.jpg 300w, https:\/\/topmodelmiss.com\/wp-content\/uploads\/2018\/10\/baram_rama-150x150.jpg 150w, https:\/\/topmodelmiss.com\/wp-content\/uploads\/2018\/10\/baram_rama-768x768.jpg 768w, https:\/\/topmodelmiss.com\/wp-content\/uploads\/2018\/10\/baram_rama-600x600.jpg 600w\" sizes=\"(max-width: 800px) 100vw, 800px\" \/>                                <div class=\"media-links\">\n                                    <a class=\"abs-link\" href=\"https:\/\/topmodelmiss.com\/en_us\/member\/bajram-rama\/\"><\/a>\n                                <\/div>\n                            <\/div>\n                        <\/div>\n\t\t\t\t\t                    <div class=\"col-xs-12 col-md-7 content-col\">\n                        <div class=\"item-content\">\n                            <h4 class=\"member-name\">\n                                <a href=\"https:\/\/topmodelmiss.com\/en_us\/member\/bajram-rama\/\">\n\t\t\t\t\t\t\t\t\tBajram Rama                                <\/a>\n                            <\/h4>\n\t\t\t\t\t\t\t                                <p class=\"position highlight\">\n                                    Ceo<\/p>\n\t\t\t\t\t\t\t\n\t\t\t\t\t\t\t                                <div class=\"team-social-icons\">\n\t\t\t\t\t\t\t\t\t<span class=\"social-icons\">\n\t\t\t\t<a href=\"https:\/\/www.facebook.com\/topmodelmiss\"\n\t\t\t   class=\"social-icon soc-facebook border-icon rounded-icon\"  target=\"_blank\"><\/a>\n\t\t\t\t\t\t<a href=\"https:\/\/www.instagram.com\/topmodelmiss\"\n\t\t\t   class=\"social-icon soc-instagram border-icon rounded-icon\"  target=\"_blank\"><\/a>\n\t\t\t<\/span>\n\n                                <\/div><!-- eof social icons -->\n\t\t\t\t\t\t\t                            <div class=\"excerpt\">\n\t\t\t\t\t\t\t\t<p>Bajram Rama is a well-known name in the international modeling and pageant industry since 1993.<\/p>\n                            <\/div>\n                        <\/div>\n                    <\/div>\n                <\/div><!-- eof .row -->\n            <\/article><!-- eof .side-item -->\n\t\t    <\/div>\n        <\/div>\n<\/div>","protected":false},"excerpt":{"rendered":"<p>Biografia Bajram Rama \u00ebsht\u00eb nj\u00eb em\u00ebr i njohur n\u00eb industrin\u00eb e modeleve dhe miss-eve nd\u00ebrkomb\u00ebtare q\u00eb nga viti 1993. Me nj\u00eb p\u00ebrvoj\u00eb t\u00eb gjat\u00eb dhe t\u00eb pasur n\u00eb k\u00ebt\u00eb fush\u00eb, ai ka kontribuar n\u00eb zhvillimin dhe promovimin e bukuris\u00eb dhe<\/p>","protected":false},"author":1,"featured_media":0,"parent":0,"menu_order":0,"comment_status":"closed","ping_status":"closed","template":"","meta":{"ngg_post_thumbnail":0,"footnotes":""},"class_list":["post-7254","page","type-page","status-publish","hentry","has-post-thumbnail"],"_links":{"self":[{"href":"https:\/\/topmodelmiss.com\/en_us\/wp-json\/wp\/v2\/pages\/7254"}],"collection":[{"href":"https:\/\/topmodelmiss.com\/en_us\/wp-json\/wp\/v2\/pages"}],"about":[{"href":"https:\/\/topmodelmiss.com\/en_us\/wp-json\/wp\/v2\/types\/page"}],"author":[{"embeddable":true,"href":"https:\/\/topmodelmiss.com\/en_us\/wp-json\/wp\/v2\/users\/1"}],"replies":[{"embeddable":true,"href":"https:\/\/topmodelmiss.com\/en_us\/wp-json\/wp\/v2\/comments?post=7254"}],"version-history":[{"count":4,"href":"https:\/\/topmodelmiss.com\/en_us\/wp-json\/wp\/v2\/pages\/7254\/revisions"}],"predecessor-version":[{"id":7258,"href":"https:\/\/topmodelmiss.com\/en_us\/wp-json\/wp\/v2\/pages\/7254\/revisions\/7258"}],"wp:attachment":[{"href":"https:\/\/topmodelmiss.com\/en_us\/wp-json\/wp\/v2\/media?parent=7254"}],"curies":[{"name":"wp","href":"https:\/\/api.w.org\/{rel}","templated":true}]}}